 {"id":14229,"date":"2025-02-27T06:02:19","date_gmt":"2025-02-27T05:02:19","guid":{"rendered":"https:\/\/alba.es\/?page_id=14229"},"modified":"2025-02-27T06:05:30","modified_gmt":"2025-02-27T05:05:30","slug":"durabilite","status":"publish","type":"page","link":"https:\/\/www.alba.es\/fr\/about-us\/durabilite\/","title":{"rendered":"Durabilit\u00e9"},"content":{"rendered":"\t\t<div data-elementor-type=\"wp-page\" data-elementor-id=\"14229\" class=\"elementor elementor-14229 elementor-13781\" data-elementor-post-type=\"page\">\n\t\t\t\t<div class=\"elementor-element elementor-element-759f9199 e-flex e-con-boxed e-con e-parent\" data-id=\"759f9199\" data-element_type=\"container\" data-e-type=\"container\">\n\t\t\t\t\t<div class=\"e-con-inner\">\n\t\t<div class=\"elementor-element elementor-element-64116481 e-con-full e-flex e-con e-child\" data-id=\"64116481\" data-element_type=\"container\" data-e-type=\"container\">\n\t\t\t\t<div class=\"elementor-element elementor-element-79c07b78 elementor-widget elementor-widget-heading\" data-id=\"79c07b78\" data-element_type=\"widget\" data-e-type=\"widget\" data-widget_type=\"heading.default\">\n\t\t\t\t<div class=\"elementor-widget-container\">\n\t\t\t\t\t<h2 class=\"elementor-heading-title elementor-size-default\">\nR\u00e9sidu sec<\/h2>\t\t\t\t<\/div>\n\t\t\t\t<\/div>\n\t\t\t\t<div class=\"elementor-element elementor-element-5376b7af elementor-widget elementor-widget-text-editor\" data-id=\"5376b7af\" data-element_type=\"widget\" data-e-type=\"widget\" data-widget_type=\"text-editor.default\">\n\t\t\t\t<div class=\"elementor-widget-container\">\n\t\t\t\t\t\t\t\t\t<p>Nous fabriquons les pi\u00e8ces dans nos ateliers d\u2019usinage et centres de d\u00e9coupe au laser, l\u2019objectif principal \u00e9tant l\u2019optimisation des mati\u00e8res premi\u00e8res pour essayer d\u2019accomplir avec le but de r\u00e9sidu sec.<\/p>\t\t\t\t\t\t\t\t<\/div>\n\t\t\t\t<\/div>\n\t\t\t\t<div class=\"elementor-element elementor-element-2a62a898 elementor-widget elementor-widget-heading\" data-id=\"2a62a898\" data-element_type=\"widget\" data-e-type=\"widget\" data-widget_type=\"heading.default\">\n\t\t\t\t<div class=\"elementor-widget-container\">\n\t\t\t\t\t<h2 class=\"elementor-heading-title elementor-size-default\">\n\nDigitalisation et r\u00e9duction de la consommation du papier<\/h2>\t\t\t\t<\/div>\n\t\t\t\t<\/div>\n\t\t\t\t<div class=\"elementor-element elementor-element-1fd60474 elementor-widget elementor-widget-text-editor\" data-id=\"1fd60474\" data-element_type=\"widget\" data-e-type=\"widget\" data-widget_type=\"text-editor.default\">\n\t\t\t\t<div class=\"elementor-widget-container\">\n\t\t\t\t\t\t\t\t\t<p>Tous nos documents sont digitalis\u00e9s et stock\u00e9s dans le Cloud. Depuis septembre 2019, nous envoyons aux clients les factures nationales et de la Union Europ\u00e9enne uniquement par courrier \u00e9lectronique.<\/p>\t\t\t\t\t\t\t\t<\/div>\n\t\t\t\t<\/div>\n\t\t\t\t<\/div>\n\t\t<div class=\"elementor-element elementor-element-6faa5b58 e-con-full e-flex e-con e-child\" data-id=\"6faa5b58\" data-element_type=\"container\" data-e-type=\"container\">\n\t\t\t\t<div class=\"elementor-element elementor-element-19a71c31 elementor-widget elementor-widget-heading\" data-id=\"19a71c31\" data-element_type=\"widget\" data-e-type=\"widget\" data-widget_type=\"heading.default\">\n\t\t\t\t<div class=\"elementor-widget-container\">\n\t\t\t\t\t<h2 class=\"elementor-heading-title elementor-size-default\">\n\nTecnologie efficace<\/h2>\t\t\t\t<\/div>\n\t\t\t\t<\/div>\n\t\t\t\t<div class=\"elementor-element elementor-element-71467a3f elementor-widget elementor-widget-text-editor\" data-id=\"71467a3f\" data-element_type=\"widget\" data-e-type=\"widget\" data-widget_type=\"text-editor.default\">\n\t\t\t\t<div class=\"elementor-widget-container\">\n\t\t\t\t\t\t\t\t\t<p>Actuellementle, nous nous trouvons dans un processus de migration de l\u2019illumination, utilis\u00e9e jusqu\u2019\u00e0 pr\u00e9sent, vers la technologie LED plus durable et d\u2019une consommation plus faible. Nous avons \u00e9galement r\u00e9alis\u00e9 un investissement dans une salle de compresseur, dans notre usine \u00e0 Burgos (Espagne), de rendement \u00e9nerg\u00e9tique type A, en \u00e9liminant l\u2019actuelle.<\/p>\t\t\t\t\t\t\t\t<\/div>\n\t\t\t\t<\/div>\n\t\t\t\t<div class=\"elementor-element elementor-element-53a629e2 elementor-widget elementor-widget-heading\" data-id=\"53a629e2\" data-element_type=\"widget\" data-e-type=\"widget\" data-widget_type=\"heading.default\">\n\t\t\t\t<div class=\"elementor-widget-container\">\n\t\t\t\t\t<h2 class=\"elementor-heading-title elementor-size-default\">\n\nEmballages durables<\/h2>\t\t\t\t<\/div>\n\t\t\t\t<\/div>\n\t\t\t\t<div class=\"elementor-element elementor-element-1408ea28 elementor-widget elementor-widget-text-editor\" data-id=\"1408ea28\" data-element_type=\"widget\" data-e-type=\"widget\" data-widget_type=\"text-editor.default\">\n\t\t\t\t<div class=\"elementor-widget-container\">\n\t\t\t\t\t\t\t\t\t<p>La plupart de nos machines sont emball\u00e9es dans des bo\u00eetes en carton ou bois.<\/p>\t\t\t\t\t\t\t\t<\/div>\n\t\t\t\t<\/div>\n\t\t\t\t<\/div>\n\t\t<div class=\"elementor-element elementor-element-24ce5c60 e-con-full e-flex e-con e-child\" data-id=\"24ce5c60\" data-element_type=\"container\" data-e-type=\"container\">\n\t\t\t\t<div class=\"elementor-element elementor-element-457d6453 elementor-widget elementor-widget-heading\" data-id=\"457d6453\" data-element_type=\"widget\" data-e-type=\"widget\" data-widget_type=\"heading.default\">\n\t\t\t\t<div class=\"elementor-widget-container\">\n\t\t\t\t\t<h2 class=\"elementor-heading-title elementor-size-default\">\nRecyclage<\/h2>\t\t\t\t<\/div>\n\t\t\t\t<\/div>\n\t\t\t\t<div class=\"elementor-element elementor-element-110e6c97 elementor-widget elementor-widget-text-editor\" data-id=\"110e6c97\" data-element_type=\"widget\" data-e-type=\"widget\" data-widget_type=\"text-editor.default\">\n\t\t\t\t<div class=\"elementor-widget-container\">\n\t\t\t\t\t\t\t\t\t<p>Nous envoyons au recyclage tous les mat\u00e9riaux susceptibles d\u2019\u00eatre recycl\u00e9s, ainsi que TOUS les r\u00e9sidus g\u00e9n\u00e9r\u00e9s, dangereux ou pas : de l\u2019eau provenant du lavage des pi\u00e8ces, copeaux, huiles, etc.<\/p>\t\t\t\t\t\t\t\t<\/div>\n\t\t\t\t<\/div>\n\t\t\t\t<div class=\"elementor-element elementor-element-3877a3d1 elementor-widget elementor-widget-heading\" data-id=\"3877a3d1\" data-element_type=\"widget\" data-e-type=\"widget\" data-widget_type=\"heading.default\">\n\t\t\t\t<div class=\"elementor-widget-container\">\n\t\t\t\t\t<h2 class=\"elementor-heading-title elementor-size-default\">\nResponsabilit\u00e9 sociale &amp; solidarit\u00e9<\/h2>\t\t\t\t<\/div>\n\t\t\t\t<\/div>\n\t\t\t\t<div class=\"elementor-element elementor-element-4429d566 elementor-widget elementor-widget-text-editor\" data-id=\"4429d566\" data-element_type=\"widget\" data-e-type=\"widget\" data-widget_type=\"text-editor.default\">\n\t\t\t\t<div class=\"elementor-widget-container\">\n\t\t\t\t\t\t\t\t\t<p>Nous avons cr\u00e9\u00e9 le mod\u00e8le PEC 130 en couleur rose, en faveur du soin du cancer du sein. Il s\u2019agit d\u2019une plateforme de travail dessin\u00e9e sp\u00e9cifiquement pour l\u2019un de nos clients ; une machine que nous avons ajout\u00e9e \u00e0 notre catalogue.<\/p>\t\t\t\t\t\t\t\t<\/div>\n\t\t\t\t<\/div>\n\t\t\t\t<\/div>\n\t\t\t\t\t<\/div>\n\t\t\t\t<\/div>\n\t\t\t\t<\/div>\n\t\t","protected":false},"excerpt":{"rendered":"<p>R\u00e9sidu sec Nous fabriquons les pi\u00e8ces dans nos ateliers d\u2019usinage et centres de d\u00e9coupe au laser, l\u2019objectif principal \u00e9tant l\u2019optimisation des mati\u00e8res premi\u00e8res pour essayer d\u2019accomplir avec le but de r\u00e9sidu sec. Digitalisation et r\u00e9duction de la consommation du papier Tous nos documents sont digitalis\u00e9s et stock\u00e9s dans le Cloud. Depuis septembre 2019, nous envoyons [&hellip;]<\/p>\n","protected":false},"author":19,"featured_media":0,"parent":398,"menu_order":2,"comment_status":"closed","ping_status":"closed","template":"","meta":{"_acf_changed":false,"footnotes":""},"class_list":["post-14229","page","type-page","status-publish","hentry"],"acf":[],"yoast_head":"<!-- This site is optimized with the Yoast SEO plugin v27.5 - https:\/\/yoast.com\/product\/yoast-seo-wordpress\/ -->\n<title>Durabilit\u00e9 - Alba<\/title>\n<meta name=\"robots\" content=\"noindex, nofollow\" \/>\n<meta property=\"og:locale\" content=\"fr_FR\" \/>\n<meta property=\"og:type\" content=\"article\" \/>\n<meta property=\"og:title\" content=\"Durabilit\u00e9 - Alba\" \/>\n<meta property=\"og:description\" content=\"R\u00e9sidu sec Nous fabriquons les pi\u00e8ces dans nos ateliers d\u2019usinage et centres de d\u00e9coupe au laser, l\u2019objectif principal \u00e9tant l\u2019optimisation des mati\u00e8res premi\u00e8res pour essayer d\u2019accomplir avec le but de r\u00e9sidu sec. Digitalisation et r\u00e9duction de la consommation du papier Tous nos documents sont digitalis\u00e9s et stock\u00e9s dans le Cloud. Depuis septembre 2019, nous envoyons [&hellip;]\" \/>\n<meta property=\"og:url\" content=\"https:\/\/www.alba.es\/fr\/about-us\/durabilite\/\" \/>\n<meta property=\"og:site_name\" content=\"Alba\" \/>\n<meta property=\"article:publisher\" content=\"https:\/\/www.facebook.com\/albamacrelgroupsl?_rdc=2&amp;_rdr#\" \/>\n<meta property=\"article:modified_time\" content=\"2025-02-27T05:05:30+00:00\" \/>\n<meta property=\"og:image\" content=\"https:\/\/www.alba.es\/wp-content\/media\/LOGO-ALBA.png\" \/>\n\t<meta property=\"og:image:width\" content=\"1447\" \/>\n\t<meta property=\"og:image:height\" content=\"403\" \/>\n\t<meta property=\"og:image:type\" content=\"image\/png\" \/>\n<meta name=\"twitter:card\" content=\"summary_large_image\" \/>\n<meta name=\"twitter:label1\" content=\"Dur\u00e9e de lecture estim\u00e9e\" \/>\n\t<meta name=\"twitter:data1\" content=\"1 minute\" \/>\n<script type=\"application\/ld+json\" class=\"yoast-schema-graph\">{\"@context\":\"https:\\\/\\\/schema.org\",\"@graph\":[{\"@type\":\"TechArticle\",\"@id\":\"https:\\\/\\\/www.alba.es\\\/fr\\\/about-us\\\/durabilite\\\/#article\",\"isPartOf\":{\"@id\":\"https:\\\/\\\/www.alba.es\\\/fr\\\/about-us\\\/durabilite\\\/\"},\"author\":{\"name\":\"Melissa G\u00f3mez\",\"@id\":\"https:\\\/\\\/www.alba.es\\\/#\\\/schema\\\/person\\\/68d4b96fbf8f6490c8893f595f663859\"},\"headline\":\"Durabilit\u00e9\",\"datePublished\":\"2025-02-27T05:02:19+00:00\",\"dateModified\":\"2025-02-27T05:05:30+00:00\",\"mainEntityOfPage\":{\"@id\":\"https:\\\/\\\/www.alba.es\\\/fr\\\/about-us\\\/durabilite\\\/\"},\"wordCount\":247,\"publisher\":{\"@id\":\"https:\\\/\\\/www.alba.es\\\/#organization\"},\"inLanguage\":\"fr-FR\"},{\"@type\":\"WebPage\",\"@id\":\"https:\\\/\\\/www.alba.es\\\/fr\\\/about-us\\\/durabilite\\\/\",\"url\":\"https:\\\/\\\/www.alba.es\\\/fr\\\/about-us\\\/durabilite\\\/\",\"name\":\"Durabilit\u00e9 - Alba\",\"isPartOf\":{\"@id\":\"https:\\\/\\\/www.alba.es\\\/#website\"},\"datePublished\":\"2025-02-27T05:02:19+00:00\",\"dateModified\":\"2025-02-27T05:05:30+00:00\",\"breadcrumb\":{\"@id\":\"https:\\\/\\\/www.alba.es\\\/fr\\\/about-us\\\/durabilite\\\/#breadcrumb\"},\"inLanguage\":\"fr-FR\",\"potentialAction\":[{\"@type\":\"ReadAction\",\"target\":[\"https:\\\/\\\/www.alba.es\\\/fr\\\/about-us\\\/durabilite\\\/\"]}]},{\"@type\":\"BreadcrumbList\",\"@id\":\"https:\\\/\\\/www.alba.es\\\/fr\\\/about-us\\\/durabilite\\\/#breadcrumb\",\"itemListElement\":[{\"@type\":\"ListItem\",\"position\":1,\"name\":\"Portada\",\"item\":\"https:\\\/\\\/www.alba.es\\\/fr\\\/\"},{\"@type\":\"ListItem\",\"position\":2,\"name\":\"About us\",\"item\":\"https:\\\/\\\/www.alba.es\\\/fr\\\/about-us\\\/\"},{\"@type\":\"ListItem\",\"position\":3,\"name\":\"Durabilit\u00e9\"}]},{\"@type\":\"WebSite\",\"@id\":\"https:\\\/\\\/www.alba.es\\\/#website\",\"url\":\"https:\\\/\\\/www.alba.es\\\/\",\"name\":\"Alba - Elevadores de construcci\u00f3n y plataformas suspendidas\",\"description\":\"Soluciones de acceso y movilidad en construcci\u00f3n\",\"publisher\":{\"@id\":\"https:\\\/\\\/www.alba.es\\\/#organization\"},\"alternateName\":\"Alba\",\"potentialAction\":[{\"@type\":\"SearchAction\",\"target\":{\"@type\":\"EntryPoint\",\"urlTemplate\":\"https:\\\/\\\/www.alba.es\\\/?s={search_term_string}\"},\"query-input\":{\"@type\":\"PropertyValueSpecification\",\"valueRequired\":true,\"valueName\":\"search_term_string\"}}],\"inLanguage\":\"fr-FR\"},{\"@type\":\"Organization\",\"@id\":\"https:\\\/\\\/www.alba.es\\\/#organization\",\"name\":\"Alba\",\"alternateName\":\"Alba\",\"url\":\"https:\\\/\\\/www.alba.es\\\/\",\"logo\":{\"@type\":\"ImageObject\",\"inLanguage\":\"fr-FR\",\"@id\":\"https:\\\/\\\/www.alba.es\\\/#\\\/schema\\\/logo\\\/image\\\/\",\"url\":\"https:\\\/\\\/alba.es\\\/wp-content\\\/media\\\/logo_alba__light.png\",\"contentUrl\":\"https:\\\/\\\/alba.es\\\/wp-content\\\/media\\\/logo_alba__light.png\",\"width\":400,\"height\":106,\"caption\":\"Alba\"},\"image\":{\"@id\":\"https:\\\/\\\/www.alba.es\\\/#\\\/schema\\\/logo\\\/image\\\/\"},\"sameAs\":[\"https:\\\/\\\/www.facebook.com\\\/albamacrelgroupsl?_rdc=2&_rdr#\",\"https:\\\/\\\/www.linkedin.com\\\/company\\\/canopy-brands-alba\\\/\"]},{\"@type\":\"Person\",\"@id\":\"https:\\\/\\\/www.alba.es\\\/#\\\/schema\\\/person\\\/68d4b96fbf8f6490c8893f595f663859\",\"name\":\"Melissa G\u00f3mez\",\"image\":{\"@type\":\"ImageObject\",\"inLanguage\":\"fr-FR\",\"@id\":\"https:\\\/\\\/secure.gravatar.com\\\/avatar\\\/8f57fc86599514671c1255ee88663317bd02c315411f69dbe0f587567df6cb36?s=96&d=mm&r=g\",\"url\":\"https:\\\/\\\/secure.gravatar.com\\\/avatar\\\/8f57fc86599514671c1255ee88663317bd02c315411f69dbe0f587567df6cb36?s=96&d=mm&r=g\",\"contentUrl\":\"https:\\\/\\\/secure.gravatar.com\\\/avatar\\\/8f57fc86599514671c1255ee88663317bd02c315411f69dbe0f587567df6cb36?s=96&d=mm&r=g\",\"caption\":\"Melissa G\u00f3mez\"}}]}<\/script>\n<!-- \/ Yoast SEO plugin. -->","yoast_head_json":{"title":"Durabilit\u00e9 - Alba","robots":{"index":"noindex","follow":"nofollow"},"og_locale":"fr_FR","og_type":"article","og_title":"Durabilit\u00e9 - Alba","og_description":"R\u00e9sidu sec Nous fabriquons les pi\u00e8ces dans nos ateliers d\u2019usinage et centres de d\u00e9coupe au laser, l\u2019objectif principal \u00e9tant l\u2019optimisation des mati\u00e8res premi\u00e8res pour essayer d\u2019accomplir avec le but de r\u00e9sidu sec. Digitalisation et r\u00e9duction de la consommation du papier Tous nos documents sont digitalis\u00e9s et stock\u00e9s dans le Cloud. Depuis septembre 2019, nous envoyons [&hellip;]","og_url":"https:\/\/www.alba.es\/fr\/about-us\/durabilite\/","og_site_name":"Alba","article_publisher":"https:\/\/www.facebook.com\/albamacrelgroupsl?_rdc=2&_rdr#","article_modified_time":"2025-02-27T05:05:30+00:00","og_image":[{"width":1447,"height":403,"url":"https:\/\/www.alba.es\/wp-content\/media\/LOGO-ALBA.png","type":"image\/png"}],"twitter_card":"summary_large_image","twitter_misc":{"Dur\u00e9e de lecture estim\u00e9e":"1 minute"},"schema":{"@context":"https:\/\/schema.org","@graph":[{"@type":"TechArticle","@id":"https:\/\/www.alba.es\/fr\/about-us\/durabilite\/#article","isPartOf":{"@id":"https:\/\/www.alba.es\/fr\/about-us\/durabilite\/"},"author":{"name":"Melissa G\u00f3mez","@id":"https:\/\/www.alba.es\/#\/schema\/person\/68d4b96fbf8f6490c8893f595f663859"},"headline":"Durabilit\u00e9","datePublished":"2025-02-27T05:02:19+00:00","dateModified":"2025-02-27T05:05:30+00:00","mainEntityOfPage":{"@id":"https:\/\/www.alba.es\/fr\/about-us\/durabilite\/"},"wordCount":247,"publisher":{"@id":"https:\/\/www.alba.es\/#organization"},"inLanguage":"fr-FR"},{"@type":"WebPage","@id":"https:\/\/www.alba.es\/fr\/about-us\/durabilite\/","url":"https:\/\/www.alba.es\/fr\/about-us\/durabilite\/","name":"Durabilit\u00e9 - Alba","isPartOf":{"@id":"https:\/\/www.alba.es\/#website"},"datePublished":"2025-02-27T05:02:19+00:00","dateModified":"2025-02-27T05:05:30+00:00","breadcrumb":{"@id":"https:\/\/www.alba.es\/fr\/about-us\/durabilite\/#breadcrumb"},"inLanguage":"fr-FR","potentialAction":[{"@type":"ReadAction","target":["https:\/\/www.alba.es\/fr\/about-us\/durabilite\/"]}]},{"@type":"BreadcrumbList","@id":"https:\/\/www.alba.es\/fr\/about-us\/durabilite\/#breadcrumb","itemListElement":[{"@type":"ListItem","position":1,"name":"Portada","item":"https:\/\/www.alba.es\/fr\/"},{"@type":"ListItem","position":2,"name":"About us","item":"https:\/\/www.alba.es\/fr\/about-us\/"},{"@type":"ListItem","position":3,"name":"Durabilit\u00e9"}]},{"@type":"WebSite","@id":"https:\/\/www.alba.es\/#website","url":"https:\/\/www.alba.es\/","name":"Alba - Elevadores de construcci\u00f3n y plataformas suspendidas","description":"Soluciones de acceso y movilidad en construcci\u00f3n","publisher":{"@id":"https:\/\/www.alba.es\/#organization"},"alternateName":"Alba","potentialAction":[{"@type":"SearchAction","target":{"@type":"EntryPoint","urlTemplate":"https:\/\/www.alba.es\/?s={search_term_string}"},"query-input":{"@type":"PropertyValueSpecification","valueRequired":true,"valueName":"search_term_string"}}],"inLanguage":"fr-FR"},{"@type":"Organization","@id":"https:\/\/www.alba.es\/#organization","name":"Alba","alternateName":"Alba","url":"https:\/\/www.alba.es\/","logo":{"@type":"ImageObject","inLanguage":"fr-FR","@id":"https:\/\/www.alba.es\/#\/schema\/logo\/image\/","url":"https:\/\/alba.es\/wp-content\/media\/logo_alba__light.png","contentUrl":"https:\/\/alba.es\/wp-content\/media\/logo_alba__light.png","width":400,"height":106,"caption":"Alba"},"image":{"@id":"https:\/\/www.alba.es\/#\/schema\/logo\/image\/"},"sameAs":["https:\/\/www.facebook.com\/albamacrelgroupsl?_rdc=2&_rdr#","https:\/\/www.linkedin.com\/company\/canopy-brands-alba\/"]},{"@type":"Person","@id":"https:\/\/www.alba.es\/#\/schema\/person\/68d4b96fbf8f6490c8893f595f663859","name":"Melissa G\u00f3mez","image":{"@type":"ImageObject","inLanguage":"fr-FR","@id":"https:\/\/secure.gravatar.com\/avatar\/8f57fc86599514671c1255ee88663317bd02c315411f69dbe0f587567df6cb36?s=96&d=mm&r=g","url":"https:\/\/secure.gravatar.com\/avatar\/8f57fc86599514671c1255ee88663317bd02c315411f69dbe0f587567df6cb36?s=96&d=mm&r=g","contentUrl":"https:\/\/secure.gravatar.com\/avatar\/8f57fc86599514671c1255ee88663317bd02c315411f69dbe0f587567df6cb36?s=96&d=mm&r=g","caption":"Melissa G\u00f3mez"}}]}},"_links":{"self":[{"href":"https:\/\/www.alba.es\/fr\/wp-json\/wp\/v2\/pages\/14229","targetHints":{"allow":["GET"]}}],"collection":[{"href":"https:\/\/www.alba.es\/fr\/wp-json\/wp\/v2\/pages"}],"about":[{"href":"https:\/\/www.alba.es\/fr\/wp-json\/wp\/v2\/types\/page"}],"author":[{"embeddable":true,"href":"https:\/\/www.alba.es\/fr\/wp-json\/wp\/v2\/users\/19"}],"replies":[{"embeddable":true,"href":"https:\/\/www.alba.es\/fr\/wp-json\/wp\/v2\/comments?post=14229"}],"version-history":[{"count":6,"href":"https:\/\/www.alba.es\/fr\/wp-json\/wp\/v2\/pages\/14229\/revisions"}],"predecessor-version":[{"id":14235,"href":"https:\/\/www.alba.es\/fr\/wp-json\/wp\/v2\/pages\/14229\/revisions\/14235"}],"up":[{"embeddable":true,"href":"https:\/\/www.alba.es\/fr\/wp-json\/wp\/v2\/pages\/398"}],"wp:attachment":[{"href":"https:\/\/www.alba.es\/fr\/wp-json\/wp\/v2\/media?parent=14229"}],"curies":[{"name":"wp","href":"https:\/\/api.w.org\/{rel}","templated":true}]}}